{"id":1310,"date":"2020-09-16T14:30:21","date_gmt":"2020-09-16T14:30:21","guid":{"rendered":"https:\/\/fortalezasdafronteira.com\/equipo\/"},"modified":"2025-09-12T15:52:42","modified_gmt":"2025-09-12T15:52:42","slug":"equipo","status":"publish","type":"page","link":"https:\/\/fortalezasdafronteira.com\/es\/equipo\/","title":{"rendered":"Equipo"},"content":{"rendered":"\t\t<div data-elementor-type=\"wp-page\" data-elementor-id=\"1310\" class=\"elementor elementor-1310 elementor-156\" data-elementor-post-type=\"page\">\n\t\t\t\t\t\t<section class=\"elementor-section elementor-top-section elementor-element elementor-element-5457f6f elementor-section-full_width elementor-section-height-min-height elementor-section-height-default elementor-section-items-middle parallax_section_no qode_elementor_container_no qode-content-aligment-left\" data-id=\"5457f6f\" data-element_type=\"section\" data-settings=\"{&quot;background_background&quot;:&quot;classic&quot;}\">\n\t\t\t\t\t\t<div class=\"elementor-container elementor-column-gap-default\">\n\t\t\t\t\t<div class=\"elementor-column elementor-col-100 elementor-top-column elementor-element elementor-element-4802937\" data-id=\"4802937\" data-element_type=\"column\">\n\t\t\t<div class=\"elementor-widget-wrap\">\n\t\t\t\t\t\t\t<\/div>\n\t\t<\/div>\n\t\t\t\t\t<\/div>\n\t\t<\/section>\n\t\t\t\t<section class=\"elementor-section elementor-top-section elementor-element elementor-element-6c422d3 elementor-section-full_width qode_elementor_container_inner elementor-section-height-default elementor-section-height-default parallax_section_no qode-content-aligment-left\" data-id=\"6c422d3\" data-element_type=\"section\" data-settings=\"{&quot;background_background&quot;:&quot;classic&quot;}\">\n\t\t\t\t\t\t<div class=\"elementor-container elementor-column-gap-default\">\n\t\t\t\t\t<div class=\"elementor-column elementor-col-100 elementor-top-column elementor-element elementor-element-01cbf0e\" data-id=\"01cbf0e\" data-element_type=\"column\">\n\t\t\t<div class=\"elementor-widget-wrap elementor-element-populated\">\n\t\t\t\t\t\t<div class=\"elementor-element elementor-element-6557334 elementor-widget__width-auto elementor-widget elementor-widget-text-editor\" data-id=\"6557334\" data-element_type=\"widget\" data-widget_type=\"text-editor.default\">\n\t\t\t\t\t\t\t\t\t<h6>PROYECTO AS TORRES &#8211; TOMI\u00d1O<\/h6>\t\t\t\t\t\t\t\t<\/div>\n\t\t\t\t<div class=\"elementor-element elementor-element-e5efdb8 elementor-widget elementor-widget-spacer\" data-id=\"e5efdb8\" data-element_type=\"widget\" data-widget_type=\"spacer.default\">\n\t\t\t\t\t\t\t<div class=\"elementor-spacer\">\n\t\t\t<div class=\"elementor-spacer-inner\"><\/div>\n\t\t<\/div>\n\t\t\t\t\t\t<\/div>\n\t\t\t\t<div class=\"elementor-element elementor-element-294c595 elementor-widget elementor-widget-text-editor\" data-id=\"294c595\" data-element_type=\"widget\" data-widget_type=\"text-editor.default\">\n\t\t\t\t\t\t\t\t\t<h2>EQUIPO<\/h2>\t\t\t\t\t\t\t\t<\/div>\n\t\t\t\t<div class=\"elementor-element elementor-element-f144fad elementor-widget__width-initial elementor-widget elementor-widget-text-editor\" data-id=\"f144fad\" data-element_type=\"widget\" data-widget_type=\"text-editor.default\">\n\t\t\t\t\t\t\t\t\t<p>En este proyecto participa un grupo multidisciplinar de <strong>arque\u00f3logos y comunicadores<\/strong>. Los trabajos arqueol\u00f3gicos ser\u00e1n desarrollados por un equipo de la <strong>Universidade do Minho<\/strong>, compuesto por miembros del <strong><a href=\"https:\/\/lab2pt.net\/\" target=\"_blank\" rel=\"noopener\">Laborat\u00f3rio de Paisagem, Patrim\u00f3nio e Territ\u00f3rio (Lab2PT<\/a>)<\/strong> y de la <a href=\"http:\/\/www.uaum.uminho.pt\/\" target=\"_blank\" rel=\"noopener\"><strong>Unidade de Arqueologia (UAUM)<\/strong>.<\/a> <\/p>\t\t\t\t\t\t\t\t<\/div>\n\t\t\t\t<section class=\"elementor-section elementor-inner-section elementor-element elementor-element-12223b5 elementor-section-full_width elementor-section-height-default elementor-section-height-default parallax_section_no qode_elementor_container_no qode-content-aligment-left\" data-id=\"12223b5\" data-element_type=\"section\">\n\t\t\t\t\t\t<div class=\"elementor-container elementor-column-gap-default\">\n\t\t\t\t\t<div class=\"elementor-column elementor-col-50 elementor-inner-column elementor-element elementor-element-2977cde\" data-id=\"2977cde\" data-element_type=\"column\">\n\t\t\t<div class=\"elementor-widget-wrap elementor-element-populated\">\n\t\t\t\t\t\t<div class=\"elementor-element elementor-element-a5e65df elementor-widget elementor-widget-image\" data-id=\"a5e65df\" data-element_type=\"widget\" data-widget_type=\"image.default\">\n\t\t\t\t\t\t\t\t\t\t\t\t\t\t\t<img fetchpriority=\"high\" decoding=\"async\" width=\"800\" height=\"800\" src=\"https:\/\/fortalezasdafronteira.com\/wp-content\/uploads\/2025\/08\/5.jpg\" class=\"attachment-full size-full wp-image-1268\" alt=\"Rebeca Blanco - Rotea\" srcset=\"https:\/\/fortalezasdafronteira.com\/wp-content\/uploads\/2025\/08\/5.jpg 800w, https:\/\/fortalezasdafronteira.com\/wp-content\/uploads\/2025\/08\/5-300x300.jpg 300w, https:\/\/fortalezasdafronteira.com\/wp-content\/uploads\/2025\/08\/5-150x150.jpg 150w, https:\/\/fortalezasdafronteira.com\/wp-content\/uploads\/2025\/08\/5-768x768.jpg 768w, https:\/\/fortalezasdafronteira.com\/wp-content\/uploads\/2025\/08\/5-550x550.jpg 550w, https:\/\/fortalezasdafronteira.com\/wp-content\/uploads\/2025\/08\/5-500x500.jpg 500w, https:\/\/fortalezasdafronteira.com\/wp-content\/uploads\/2025\/08\/5-700x700.jpg 700w, https:\/\/fortalezasdafronteira.com\/wp-content\/uploads\/2025\/08\/5-650x650.jpg 650w\" sizes=\"(max-width: 800px) 100vw, 800px\" \/>\t\t\t\t\t\t\t\t\t\t\t\t\t\t\t<\/div>\n\t\t\t\t\t<\/div>\n\t\t<\/div>\n\t\t\t\t<div class=\"elementor-column elementor-col-50 elementor-inner-column elementor-element elementor-element-718be29\" data-id=\"718be29\" data-element_type=\"column\">\n\t\t\t<div class=\"elementor-widget-wrap elementor-element-populated\">\n\t\t\t\t\t\t<div class=\"elementor-element elementor-element-83cd5b5 elementor-widget elementor-widget-text-editor\" data-id=\"83cd5b5\" data-element_type=\"widget\" data-widget_type=\"text-editor.default\">\n\t\t\t\t\t\t\t\t\t<h6>DOCTORA EN ARQUEOLOG\u00cdA<\/h6>\t\t\t\t\t\t\t\t<\/div>\n\t\t\t\t<div class=\"elementor-element elementor-element-c630c8a elementor-widget elementor-widget-spacer\" data-id=\"c630c8a\" data-element_type=\"widget\" data-widget_type=\"spacer.default\">\n\t\t\t\t\t\t\t<div class=\"elementor-spacer\">\n\t\t\t<div class=\"elementor-spacer-inner\"><\/div>\n\t\t<\/div>\n\t\t\t\t\t\t<\/div>\n\t\t\t\t<div class=\"elementor-element elementor-element-81abe0a elementor-widget elementor-widget-text-editor\" data-id=\"81abe0a\" data-element_type=\"widget\" data-widget_type=\"text-editor.default\">\n\t\t\t\t\t\t\t\t\t<h5>Rebeca Blanco-Rotea<\/h5>\t\t\t\t\t\t\t\t<\/div>\n\t\t\t\t<div class=\"elementor-element elementor-element-b8d6cb3 elementor-widget elementor-widget-spacer\" data-id=\"b8d6cb3\" data-element_type=\"widget\" data-widget_type=\"spacer.default\">\n\t\t\t\t\t\t\t<div class=\"elementor-spacer\">\n\t\t\t<div class=\"elementor-spacer-inner\"><\/div>\n\t\t<\/div>\n\t\t\t\t\t\t<\/div>\n\t\t\t\t<div class=\"elementor-element elementor-element-8ffe930 elementor-widget elementor-widget-text-editor\" data-id=\"8ffe930\" data-element_type=\"widget\" data-widget_type=\"text-editor.default\">\n\t\t\t\t\t\t\t\t\t<p>Doctora en arqueolog\u00eda por la <strong>Universidad del Pa\u00eds Vasco<\/strong>, con la tesis \u00abArquitectura y paisajes fortificados entre Galicia y Portugal durante la Guerra de Restauraci\u00f3n (1640-1668)\u00bb e investigadora en el <strong><a href=\"https:\/\/lab2pt.net\/people\/integrated-members\/rebeca-blanco-rotea\">Lab2PT<\/a> da Universidade de Minho<\/strong> (Portugal) , y en el <strong>Laborat\u00f3rio de Paisagens, Patrim\u00f3nio e Territ\u00f3rio\/Lab2PT<\/strong> y el <strong> Laborat\u00f3rio Associado para a Investiga\u00e7\u00e3o e Inova\u00e7\u00e3o em Patrim\u00f3nio, Artes, Sustentabilidade e Territ\u00f3rio\/IN2PAST<\/strong>, donde coordina la Linha TL2 \u2013 Landscapes, Territories and Cultural Heritage. Anteriormente, trabaj\u00f3 como <strong>investigadora postdoctoral en la USC y en el CSIC<\/strong>. Entre 2016 y 2024 fue coordinador de la Secci\u00f3n de Patrimonio y Bienes Culturales del <strong>Consello da Cultura Galega<\/strong>. Sus l\u00edneas de investigaci\u00f3n son la arquitectura y los paisajes hist\u00f3ricos, especialmente fortificados y eclesi\u00e1sticos, la gesti\u00f3n integral del patrimonio y la socializaci\u00f3n patrimonial. Desde su incorporaci\u00f3n al Lab2PT sus tres l\u00edneas de investigaci\u00f3n principales son: Espacios constru\u00eddos y modelos metodol\u00f3gicos; Paisajes culturales y sociedad; Gesti\u00f3n y socializaci\u00f3n del patrimonio. En la web <a href=\"https:\/\/fortalezas.es\">fortalezas.es<\/a> puede verse parte del resultado de investigaci\u00f3n desarrollado en su tese de doctoramiento.      <\/p>\t\t\t\t\t\t\t\t<\/div>\n\t\t\t\t<div class=\"elementor-element elementor-element-1a786c3 elementor-widget elementor-widget-spacer\" data-id=\"1a786c3\" data-element_type=\"widget\" data-widget_type=\"spacer.default\">\n\t\t\t\t\t\t\t<div class=\"elementor-spacer\">\n\t\t\t<div class=\"elementor-spacer-inner\"><\/div>\n\t\t<\/div>\n\t\t\t\t\t\t<\/div>\n\t\t\t\t<div class=\"elementor-element elementor-element-40b7e0a elementor-widget elementor-widget-qbutton\" data-id=\"40b7e0a\" data-element_type=\"widget\" data-widget_type=\"qbutton.default\">\n\t\t\t\t<div class=\"elementor-widget-container\">\n\t\t\t\t\t<a href=\"https:\/\/uminho.academia.edu\/RebecaBlancoRotea\" target=\"_blank\" data-hover-background-color='#1E1E1E'  class=\"qbutton  underlined qbutton_with_icon\" style=\"color: #1E1E1E; \">Consultar publicaciones<i class=\"qode_icon_font_awesome fa fa-link button_icon\" style=\"\" ><\/i><span class=\"qode-underlined-button-span\" style=\"\"><\/span><\/a>\t\t\t\t<\/div>\n\t\t\t\t<\/div>\n\t\t\t\t<div class=\"elementor-element elementor-element-3ab0a13 elementor-widget elementor-widget-qbutton\" data-id=\"3ab0a13\" data-element_type=\"widget\" data-widget_type=\"qbutton.default\">\n\t\t\t\t<div class=\"elementor-widget-container\">\n\t\t\t\t\t<a href=\"https:\/\/pt.linkedin.com\/in\/rebeca-blanco-rotea-52589642\" target=\"_blank\" data-hover-background-color='#1E1E1E'  class=\"qbutton  underlined qbutton_with_icon\" style=\"color: #1E1E1E; \">Linkedin<span aria-hidden=\"true\" class=\"qode_icon_font_elegant social_linkedin button_icon\" style=\"\" ><\/span><span class=\"qode-underlined-button-span\" style=\"\"><\/span><\/a>\t\t\t\t<\/div>\n\t\t\t\t<\/div>\n\t\t\t\t\t<\/div>\n\t\t<\/div>\n\t\t\t\t\t<\/div>\n\t\t<\/section>\n\t\t\t\t<section class=\"elementor-section elementor-inner-section elementor-element elementor-element-d2ca709 elementor-section-full_width elementor-section-height-default elementor-section-height-default parallax_section_no qode_elementor_container_no qode-content-aligment-left\" data-id=\"d2ca709\" data-element_type=\"section\">\n\t\t\t\t\t\t<div class=\"elementor-container elementor-column-gap-default\">\n\t\t\t\t\t<div class=\"elementor-column elementor-col-50 elementor-inner-column elementor-element elementor-element-f9d6148\" data-id=\"f9d6148\" data-element_type=\"column\">\n\t\t\t<div class=\"elementor-widget-wrap elementor-element-populated\">\n\t\t\t\t\t\t<div class=\"elementor-element elementor-element-53864af elementor-widget elementor-widget-image\" data-id=\"53864af\" data-element_type=\"widget\" data-widget_type=\"image.default\">\n\t\t\t\t\t\t\t\t\t\t\t\t\t\t\t<img decoding=\"async\" width=\"800\" height=\"800\" src=\"https:\/\/fortalezasdafronteira.com\/wp-content\/uploads\/2025\/08\/4.jpg\" class=\"attachment-full size-full wp-image-1269\" alt=\"\" srcset=\"https:\/\/fortalezasdafronteira.com\/wp-content\/uploads\/2025\/08\/4.jpg 800w, https:\/\/fortalezasdafronteira.com\/wp-content\/uploads\/2025\/08\/4-300x300.jpg 300w, https:\/\/fortalezasdafronteira.com\/wp-content\/uploads\/2025\/08\/4-150x150.jpg 150w, https:\/\/fortalezasdafronteira.com\/wp-content\/uploads\/2025\/08\/4-768x768.jpg 768w, https:\/\/fortalezasdafronteira.com\/wp-content\/uploads\/2025\/08\/4-550x550.jpg 550w, https:\/\/fortalezasdafronteira.com\/wp-content\/uploads\/2025\/08\/4-500x500.jpg 500w, https:\/\/fortalezasdafronteira.com\/wp-content\/uploads\/2025\/08\/4-700x700.jpg 700w, https:\/\/fortalezasdafronteira.com\/wp-content\/uploads\/2025\/08\/4-650x650.jpg 650w\" sizes=\"(max-width: 800px) 100vw, 800px\" \/>\t\t\t\t\t\t\t\t\t\t\t\t\t\t\t<\/div>\n\t\t\t\t\t<\/div>\n\t\t<\/div>\n\t\t\t\t<div class=\"elementor-column elementor-col-50 elementor-inner-column elementor-element elementor-element-ce3a2cc\" data-id=\"ce3a2cc\" data-element_type=\"column\">\n\t\t\t<div class=\"elementor-widget-wrap elementor-element-populated\">\n\t\t\t\t\t\t<div class=\"elementor-element elementor-element-d8aa048 elementor-widget elementor-widget-text-editor\" data-id=\"d8aa048\" data-element_type=\"widget\" data-widget_type=\"text-editor.default\">\n\t\t\t\t\t\t\t\t\t<h6>DOCTOR EN ARQUEOLOXIA<\/h6>\t\t\t\t\t\t\t\t<\/div>\n\t\t\t\t<div class=\"elementor-element elementor-element-b2f1e74 elementor-widget elementor-widget-spacer\" data-id=\"b2f1e74\" data-element_type=\"widget\" data-widget_type=\"spacer.default\">\n\t\t\t\t\t\t\t<div class=\"elementor-spacer\">\n\t\t\t<div class=\"elementor-spacer-inner\"><\/div>\n\t\t<\/div>\n\t\t\t\t\t\t<\/div>\n\t\t\t\t<div class=\"elementor-element elementor-element-1d39b2e elementor-widget elementor-widget-text-editor\" data-id=\"1d39b2e\" data-element_type=\"widget\" data-widget_type=\"text-editor.default\">\n\t\t\t\t\t\t\t\t\t<h5>Francisco Andrade<\/h5>\t\t\t\t\t\t\t\t<\/div>\n\t\t\t\t<div class=\"elementor-element elementor-element-263fc51 elementor-widget elementor-widget-spacer\" data-id=\"263fc51\" data-element_type=\"widget\" data-widget_type=\"spacer.default\">\n\t\t\t\t\t\t\t<div class=\"elementor-spacer\">\n\t\t\t<div class=\"elementor-spacer-inner\"><\/div>\n\t\t<\/div>\n\t\t\t\t\t\t<\/div>\n\t\t\t\t<div class=\"elementor-element elementor-element-1e2c2c4 elementor-widget elementor-widget-text-editor\" data-id=\"1e2c2c4\" data-element_type=\"widget\" data-widget_type=\"text-editor.default\">\n\t\t\t\t\t\t\t\t\t<p>Doutor en Arqueolox\u00eda pola <strong>Universidade do Minho<\/strong>, sendo a s\u00faa \u00abDin\u00e2micas territoriais e poderes na regi\u00e3o de Braga entre a Antiguidade Tardia e a Idade Moderna\u00bb. \u00c9 arque\u00f3logo da <strong>Unidade de Arqueologia da Universidade do Minho<\/strong>, desde 2003, tendo codirixido diversos proxectos, destac\u00e1ndose, na rexi\u00f3n do Alto Minho, o estudo da Fortaleza de Valen\u00e7a do Minho. Francisco desenvolve a s\u00faa investigaci\u00f3n na arqueolox\u00eda hist\u00f3rica, con especialidade na Antig\u00fcidade Tard\u00eda, na Idade Media e na Idade Moderna, as\u00ed como na Arqueolox\u00eda da Paisaxe e na Arqueolox\u00eda da Arquitectura na <a href=\"https:\/\/lab2pt.net\/people\/collaborating-members\/francisco-jose-silva-de-andrade\">lab2PT<\/a>  <\/p>\t\t\t\t\t\t\t\t<\/div>\n\t\t\t\t<div class=\"elementor-element elementor-element-680491e elementor-widget elementor-widget-qbutton\" data-id=\"680491e\" data-element_type=\"widget\" data-widget_type=\"qbutton.default\">\n\t\t\t\t<div class=\"elementor-widget-container\">\n\t\t\t\t\t<a href=\"2pt.net\/people\/collaborating-members\/francisco-jose-silva-de-andrade\" target=\"_blank\" data-hover-background-color='#1E1E1E'  class=\"qbutton  underlined qbutton_with_icon\" style=\"color: #1E1E1E; \">Consultar informaci\u00f3n<i class=\"qode_icon_font_awesome fa fa-link button_icon\" style=\"\" ><\/i><span class=\"qode-underlined-button-span\" style=\"\"><\/span><\/a>\t\t\t\t<\/div>\n\t\t\t\t<\/div>\n\t\t\t\t<div class=\"elementor-element elementor-element-7cec5da elementor-widget elementor-widget-qbutton\" data-id=\"7cec5da\" data-element_type=\"widget\" data-widget_type=\"qbutton.default\">\n\t\t\t\t<div class=\"elementor-widget-container\">\n\t\t\t\t\t<a href=\"https:\/\/www.linkedin.com\/in\/francisco-andrade-276a9b54\/\" target=\"_blank\" data-hover-background-color='#1E1E1E'  class=\"qbutton  underlined qbutton_with_icon\" style=\"color: #1E1E1E; \">Linkedin<span aria-hidden=\"true\" class=\"qode_icon_font_elegant social_linkedin button_icon\" style=\"\" ><\/span><span class=\"qode-underlined-button-span\" style=\"\"><\/span><\/a>\t\t\t\t<\/div>\n\t\t\t\t<\/div>\n\t\t\t\t<div class=\"elementor-element elementor-element-1bb6e44 elementor-widget elementor-widget-spacer\" data-id=\"1bb6e44\" data-element_type=\"widget\" data-widget_type=\"spacer.default\">\n\t\t\t\t\t\t\t<div class=\"elementor-spacer\">\n\t\t\t<div class=\"elementor-spacer-inner\"><\/div>\n\t\t<\/div>\n\t\t\t\t\t\t<\/div>\n\t\t\t\t\t<\/div>\n\t\t<\/div>\n\t\t\t\t\t<\/div>\n\t\t<\/section>\n\t\t\t\t<section class=\"elementor-section elementor-inner-section elementor-element elementor-element-1f79bb1 elementor-section-full_width elementor-section-height-default elementor-section-height-default parallax_section_no qode_elementor_container_no qode-content-aligment-left\" data-id=\"1f79bb1\" data-element_type=\"section\">\n\t\t\t\t\t\t<div class=\"elementor-container elementor-column-gap-default\">\n\t\t\t\t\t<div class=\"elementor-column elementor-col-50 elementor-inner-column elementor-element elementor-element-7882dc3\" data-id=\"7882dc3\" data-element_type=\"column\">\n\t\t\t<div class=\"elementor-widget-wrap elementor-element-populated\">\n\t\t\t\t\t\t<div class=\"elementor-element elementor-element-68458c1 elementor-widget elementor-widget-image\" data-id=\"68458c1\" data-element_type=\"widget\" data-widget_type=\"image.default\">\n\t\t\t\t\t\t\t\t\t\t\t\t\t\t\t<img decoding=\"async\" width=\"800\" height=\"800\" src=\"https:\/\/fortalezasdafronteira.com\/wp-content\/uploads\/2025\/08\/1.jpg\" class=\"attachment-full size-full wp-image-1270\" alt=\"\" srcset=\"https:\/\/fortalezasdafronteira.com\/wp-content\/uploads\/2025\/08\/1.jpg 800w, https:\/\/fortalezasdafronteira.com\/wp-content\/uploads\/2025\/08\/1-300x300.jpg 300w, https:\/\/fortalezasdafronteira.com\/wp-content\/uploads\/2025\/08\/1-150x150.jpg 150w, https:\/\/fortalezasdafronteira.com\/wp-content\/uploads\/2025\/08\/1-768x768.jpg 768w, https:\/\/fortalezasdafronteira.com\/wp-content\/uploads\/2025\/08\/1-550x550.jpg 550w, https:\/\/fortalezasdafronteira.com\/wp-content\/uploads\/2025\/08\/1-500x500.jpg 500w, https:\/\/fortalezasdafronteira.com\/wp-content\/uploads\/2025\/08\/1-700x700.jpg 700w, https:\/\/fortalezasdafronteira.com\/wp-content\/uploads\/2025\/08\/1-650x650.jpg 650w\" sizes=\"(max-width: 800px) 100vw, 800px\" \/>\t\t\t\t\t\t\t\t\t\t\t\t\t\t\t<\/div>\n\t\t\t\t\t<\/div>\n\t\t<\/div>\n\t\t\t\t<div class=\"elementor-column elementor-col-50 elementor-inner-column elementor-element elementor-element-97f18f0\" data-id=\"97f18f0\" data-element_type=\"column\">\n\t\t\t<div class=\"elementor-widget-wrap elementor-element-populated\">\n\t\t\t\t\t\t<div class=\"elementor-element elementor-element-62a3393 elementor-widget elementor-widget-text-editor\" data-id=\"62a3393\" data-element_type=\"widget\" data-widget_type=\"text-editor.default\">\n\t\t\t\t\t\t\t\t\t<h6>LICENCIADO EN HISTORIA<\/h6>\t\t\t\t\t\t\t\t<\/div>\n\t\t\t\t<div class=\"elementor-element elementor-element-d5b1984 elementor-widget elementor-widget-spacer\" data-id=\"d5b1984\" data-element_type=\"widget\" data-widget_type=\"spacer.default\">\n\t\t\t\t\t\t\t<div class=\"elementor-spacer\">\n\t\t\t<div class=\"elementor-spacer-inner\"><\/div>\n\t\t<\/div>\n\t\t\t\t\t\t<\/div>\n\t\t\t\t<div class=\"elementor-element elementor-element-278d292 elementor-widget elementor-widget-text-editor\" data-id=\"278d292\" data-element_type=\"widget\" data-widget_type=\"text-editor.default\">\n\t\t\t\t\t\t\t\t\t<h5>DIEGO MACHADO<\/h5>\t\t\t\t\t\t\t\t<\/div>\n\t\t\t\t<div class=\"elementor-element elementor-element-251937a elementor-widget elementor-widget-spacer\" data-id=\"251937a\" data-element_type=\"widget\" data-widget_type=\"spacer.default\">\n\t\t\t\t\t\t\t<div class=\"elementor-spacer\">\n\t\t\t<div class=\"elementor-spacer-inner\"><\/div>\n\t\t<\/div>\n\t\t\t\t\t\t<\/div>\n\t\t\t\t<div class=\"elementor-element elementor-element-0629a60 elementor-widget elementor-widget-text-editor\" data-id=\"0629a60\" data-element_type=\"widget\" data-widget_type=\"text-editor.default\">\n\t\t\t\t\t\t\t\t\t<p>Licenciado en Historia (<strong>UNIRIO<\/strong>, 2015) y en Arqueolog\u00eda (<strong>UMinho<\/strong>, 2018), y m\u00e1ster en Arqueolog\u00eda (<strong>UMinho<\/strong>, 2017). Actualmente, est\u00e1 finalizando su doctorado en Arqueolog\u00eda en la Universidad del Minho, cuya defensa est\u00e1 prevista para septiembre de 2025. Es investigador del <strong>Laboratorio de Paisajes, Patrimonio y Territorio (Lab2PT)<\/strong> y del <strong>Laboratorio Asociado para la Investigaci\u00f3n e Innovaci\u00f3n en Patrimonio, Artes, Sostenibilidad y Territorio \/ IN2PAST)<\/strong>. Sus principales intereses cient\u00edficos son la Arqueolog\u00eda Cl\u00e1sica, Tardoantigua y Medieval, la Arqueolog\u00eda Urbana, la Teor\u00eda Arqueol\u00f3gica y los Estudios de Cultura Material.   <\/p>\t\t\t\t\t\t\t\t<\/div>\n\t\t\t\t<div class=\"elementor-element elementor-element-b334838 elementor-widget elementor-widget-qbutton\" data-id=\"b334838\" data-element_type=\"widget\" data-widget_type=\"qbutton.default\">\n\t\t\t\t<div class=\"elementor-widget-container\">\n\t\t\t\t\t<a href=\"https:\/\/lab2pt.net\/people\/phd-students\/diego-machado\" target=\"_blank\" data-hover-background-color='#1E1E1E'  class=\"qbutton  underlined qbutton_with_icon\" style=\"color: #1E1E1E; \">Consultar informaci\u00f3n<i class=\"qode_icon_font_awesome fa fa-link button_icon\" style=\"\" ><\/i><span class=\"qode-underlined-button-span\" style=\"\"><\/span><\/a>\t\t\t\t<\/div>\n\t\t\t\t<\/div>\n\t\t\t\t\t<\/div>\n\t\t<\/div>\n\t\t\t\t\t<\/div>\n\t\t<\/section>\n\t\t\t\t<div class=\"elementor-element elementor-element-ec6cd46 elementor-widget__width-initial elementor-widget elementor-widget-text-editor\" data-id=\"ec6cd46\" data-element_type=\"widget\" data-widget_type=\"text-editor.default\">\n\t\t\t\t\t\t\t\t\t<p>Por su parte, el equipo de comunicaci\u00f3n est\u00e1 formado por periodistas y fil\u00f3logos, y est\u00e1 integrado dentro del <strong>Grupo de Novos Medios <\/strong>de la<strong> Facultad de Ciencias de la Comunicaci\u00f3n de la Universidad de Santiago.<\/strong><\/p>\t\t\t\t\t\t\t\t<\/div>\n\t\t\t\t<section class=\"elementor-section elementor-inner-section elementor-element elementor-element-04d324c elementor-section-full_width elementor-section-height-default elementor-section-height-default parallax_section_no qode_elementor_container_no qode-content-aligment-left\" data-id=\"04d324c\" data-element_type=\"section\">\n\t\t\t\t\t\t<div class=\"elementor-container elementor-column-gap-default\">\n\t\t\t\t\t<div class=\"elementor-column elementor-col-50 elementor-inner-column elementor-element elementor-element-9bc04f2\" data-id=\"9bc04f2\" data-element_type=\"column\">\n\t\t\t<div class=\"elementor-widget-wrap elementor-element-populated\">\n\t\t\t\t\t\t<div class=\"elementor-element elementor-element-ce387ca elementor-widget elementor-widget-image\" data-id=\"ce387ca\" data-element_type=\"widget\" data-widget_type=\"image.default\">\n\t\t\t\t\t\t\t\t\t\t\t\t\t\t\t<img loading=\"lazy\" decoding=\"async\" width=\"800\" height=\"800\" src=\"https:\/\/fortalezasdafronteira.com\/wp-content\/uploads\/2025\/08\/2.jpg\" class=\"attachment-full size-full wp-image-1271\" alt=\"Xurxo Salgado Tejido\" srcset=\"https:\/\/fortalezasdafronteira.com\/wp-content\/uploads\/2025\/08\/2.jpg 800w, https:\/\/fortalezasdafronteira.com\/wp-content\/uploads\/2025\/08\/2-300x300.jpg 300w, https:\/\/fortalezasdafronteira.com\/wp-content\/uploads\/2025\/08\/2-150x150.jpg 150w, https:\/\/fortalezasdafronteira.com\/wp-content\/uploads\/2025\/08\/2-768x768.jpg 768w, https:\/\/fortalezasdafronteira.com\/wp-content\/uploads\/2025\/08\/2-550x550.jpg 550w, https:\/\/fortalezasdafronteira.com\/wp-content\/uploads\/2025\/08\/2-500x500.jpg 500w, https:\/\/fortalezasdafronteira.com\/wp-content\/uploads\/2025\/08\/2-700x700.jpg 700w, https:\/\/fortalezasdafronteira.com\/wp-content\/uploads\/2025\/08\/2-650x650.jpg 650w\" sizes=\"(max-width: 800px) 100vw, 800px\" \/>\t\t\t\t\t\t\t\t\t\t\t\t\t\t\t<\/div>\n\t\t\t\t\t<\/div>\n\t\t<\/div>\n\t\t\t\t<div class=\"elementor-column elementor-col-50 elementor-inner-column elementor-element elementor-element-437d03f\" data-id=\"437d03f\" data-element_type=\"column\">\n\t\t\t<div class=\"elementor-widget-wrap elementor-element-populated\">\n\t\t\t\t\t\t<div class=\"elementor-element elementor-element-327d65e elementor-widget elementor-widget-text-editor\" data-id=\"327d65e\" data-element_type=\"widget\" data-widget_type=\"text-editor.default\">\n\t\t\t\t\t\t\t\t\t<h6>LICENCIADO PERIODISMO<\/h6>\t\t\t\t\t\t\t\t<\/div>\n\t\t\t\t<div class=\"elementor-element elementor-element-00f1e0e elementor-widget elementor-widget-spacer\" data-id=\"00f1e0e\" data-element_type=\"widget\" data-widget_type=\"spacer.default\">\n\t\t\t\t\t\t\t<div class=\"elementor-spacer\">\n\t\t\t<div class=\"elementor-spacer-inner\"><\/div>\n\t\t<\/div>\n\t\t\t\t\t\t<\/div>\n\t\t\t\t<div class=\"elementor-element elementor-element-06f2dc6 elementor-widget elementor-widget-text-editor\" data-id=\"06f2dc6\" data-element_type=\"widget\" data-widget_type=\"text-editor.default\">\n\t\t\t\t\t\t\t\t\t<h5>XURXO SALGADO TEJIDO<\/h5>\t\t\t\t\t\t\t\t<\/div>\n\t\t\t\t<div class=\"elementor-element elementor-element-49b2b89 elementor-widget elementor-widget-spacer\" data-id=\"49b2b89\" data-element_type=\"widget\" data-widget_type=\"spacer.default\">\n\t\t\t\t\t\t\t<div class=\"elementor-spacer\">\n\t\t\t<div class=\"elementor-spacer-inner\"><\/div>\n\t\t<\/div>\n\t\t\t\t\t\t<\/div>\n\t\t\t\t<div class=\"elementor-element elementor-element-4282021 elementor-widget elementor-widget-text-editor\" data-id=\"4282021\" data-element_type=\"widget\" data-widget_type=\"text-editor.default\">\n\t\t\t\t\t\t\t\t\t<p><strong>Profesor asociado de Periodismo en la Universidad de Santiago de Compostela (USC)<\/strong>. Tambi\u00e9n es director de <a href=\"http:\/\/galiciaconfidencial.com\">galiciaconfidencial.com<\/a> y editor de varios medios locales: x<strong>ornaldevigo.gal, xornaldacoruna.gal, xornaldecompostela.gal, xornaldelemos.gal, lugoxornal.gal y amarinaxornal.gal<\/strong>. Adem\u00e1s, coordina el proyecto <strong>neofalantes.gal.<\/strong><br>Dirige la web especializada en tem\u00e1tica hist\u00f3rica <strong>historiadegalicia.gal<\/strong> y el proyecto rutasdehistoria.com. Ha coordinado la comunicaci\u00f3n de numerosos proyectos culturales e hist\u00f3ricos, entre ellos el <strong>Encuentro de C\u00f3mic Hist\u00f3rico de Galicia<\/strong>, el festival <strong>As notas do Pemento <\/strong>y el <strong>Festival Vi\u00f1etas desde o Atl\u00e1ntico<\/strong>. Tambi\u00e9n dirige y presenta el p\u00f3dcast<strong> \u201cQue din os Rumorosos, arroutadas da historia de Galicia\u201d.<\/strong>    <\/p>\t\t\t\t\t\t\t\t<\/div>\n\t\t\t\t<div class=\"elementor-element elementor-element-0a913a0 elementor-widget elementor-widget-qbutton\" data-id=\"0a913a0\" data-element_type=\"widget\" data-widget_type=\"qbutton.default\">\n\t\t\t\t<div class=\"elementor-widget-container\">\n\t\t\t\t\t<a href=\"https:\/\/www.linkedin.com\/in\/xurxo-salgado-tejido-4a47b126\/\" target=\"_blank\" data-hover-background-color='#1E1E1E'  class=\"qbutton  underlined qbutton_with_icon\" style=\"color: #1E1E1E; \">Linkedin<span aria-hidden=\"true\" class=\"qode_icon_font_elegant social_linkedin button_icon\" style=\"\" ><\/span><span class=\"qode-underlined-button-span\" style=\"\"><\/span><\/a>\t\t\t\t<\/div>\n\t\t\t\t<\/div>\n\t\t\t\t\t<\/div>\n\t\t<\/div>\n\t\t\t\t\t<\/div>\n\t\t<\/section>\n\t\t\t\t<section class=\"elementor-section elementor-inner-section elementor-element elementor-element-4459191 elementor-section-full_width elementor-section-height-default elementor-section-height-default parallax_section_no qode_elementor_container_no qode-content-aligment-left\" data-id=\"4459191\" data-element_type=\"section\">\n\t\t\t\t\t\t<div class=\"elementor-container elementor-column-gap-default\">\n\t\t\t\t\t<div class=\"elementor-column elementor-col-50 elementor-inner-column elementor-element elementor-element-f52b641\" data-id=\"f52b641\" data-element_type=\"column\">\n\t\t\t<div class=\"elementor-widget-wrap elementor-element-populated\">\n\t\t\t\t\t\t<div class=\"elementor-element elementor-element-bfe7461 elementor-widget elementor-widget-image\" data-id=\"bfe7461\" data-element_type=\"widget\" data-widget_type=\"image.default\">\n\t\t\t\t\t\t\t\t\t\t\t\t\t\t\t<img loading=\"lazy\" decoding=\"async\" width=\"800\" height=\"800\" src=\"https:\/\/fortalezasdafronteira.com\/wp-content\/uploads\/2025\/08\/3.jpg\" class=\"attachment-full size-full wp-image-1272\" alt=\"David M. Sobrino\" srcset=\"https:\/\/fortalezasdafronteira.com\/wp-content\/uploads\/2025\/08\/3.jpg 800w, https:\/\/fortalezasdafronteira.com\/wp-content\/uploads\/2025\/08\/3-300x300.jpg 300w, https:\/\/fortalezasdafronteira.com\/wp-content\/uploads\/2025\/08\/3-150x150.jpg 150w, https:\/\/fortalezasdafronteira.com\/wp-content\/uploads\/2025\/08\/3-768x768.jpg 768w, https:\/\/fortalezasdafronteira.com\/wp-content\/uploads\/2025\/08\/3-550x550.jpg 550w, https:\/\/fortalezasdafronteira.com\/wp-content\/uploads\/2025\/08\/3-500x500.jpg 500w, https:\/\/fortalezasdafronteira.com\/wp-content\/uploads\/2025\/08\/3-700x700.jpg 700w, https:\/\/fortalezasdafronteira.com\/wp-content\/uploads\/2025\/08\/3-650x650.jpg 650w\" sizes=\"(max-width: 800px) 100vw, 800px\" \/>\t\t\t\t\t\t\t\t\t\t\t\t\t\t\t<\/div>\n\t\t\t\t\t<\/div>\n\t\t<\/div>\n\t\t\t\t<div class=\"elementor-column elementor-col-50 elementor-inner-column elementor-element elementor-element-330422f\" data-id=\"330422f\" data-element_type=\"column\">\n\t\t\t<div class=\"elementor-widget-wrap elementor-element-populated\">\n\t\t\t\t\t\t<div class=\"elementor-element elementor-element-8732041 elementor-widget elementor-widget-text-editor\" data-id=\"8732041\" data-element_type=\"widget\" data-widget_type=\"text-editor.default\">\n\t\t\t\t\t\t\t\t\t<h6>PERIODISTA<\/h6>\t\t\t\t\t\t\t\t<\/div>\n\t\t\t\t<div class=\"elementor-element elementor-element-dc6088d elementor-widget elementor-widget-spacer\" data-id=\"dc6088d\" data-element_type=\"widget\" data-widget_type=\"spacer.default\">\n\t\t\t\t\t\t\t<div class=\"elementor-spacer\">\n\t\t\t<div class=\"elementor-spacer-inner\"><\/div>\n\t\t<\/div>\n\t\t\t\t\t\t<\/div>\n\t\t\t\t<div class=\"elementor-element elementor-element-170c749 elementor-widget elementor-widget-text-editor\" data-id=\"170c749\" data-element_type=\"widget\" data-widget_type=\"text-editor.default\">\n\t\t\t\t\t\t\t\t\t<h5>DAVID M. SOBRINO PLATAS<\/h5>\t\t\t\t\t\t\t\t<\/div>\n\t\t\t\t<div class=\"elementor-element elementor-element-eb17084 elementor-widget elementor-widget-spacer\" data-id=\"eb17084\" data-element_type=\"widget\" data-widget_type=\"spacer.default\">\n\t\t\t\t\t\t\t<div class=\"elementor-spacer\">\n\t\t\t<div class=\"elementor-spacer-inner\"><\/div>\n\t\t<\/div>\n\t\t\t\t\t\t<\/div>\n\t\t\t\t<div class=\"elementor-element elementor-element-d31ddc5 elementor-widget elementor-widget-text-editor\" data-id=\"d31ddc5\" data-element_type=\"widget\" data-widget_type=\"text-editor.default\">\n\t\t\t\t\t\t\t\t\t<p>Periodista gallego con experiencia en <strong>prensa digital, producci\u00f3n de p\u00f3dcasts y comunicaci\u00f3n cultural<\/strong>. A lo largo de su trayectoria ha trabajado en medios de comunicaci\u00f3n, gabinetes de prensa y proyectos de divulgaci\u00f3n, desarrollando tareas de redacci\u00f3n, edici\u00f3n, locuci\u00f3n y gesti\u00f3n de contenidos en distintos formatos y canales. Profesionalmente ha trabajado en el gabinete de comunicaci\u00f3n del <strong>Ateneo de Santiago<\/strong>, dirigiendo el p\u00f3dcast <strong>Radio Ateneo<\/strong>. Su experiencia se ampl\u00eda como redactor en medios digitales como <strong>Galiciapress<\/strong> o X<strong>ornal de Compostela<\/strong>, al tiempo que ha ejercido como periodista freelance, colaborando con entidades, asociaciones e instituciones en proyectos de comunicaci\u00f3n y producci\u00f3n cultural, como la <strong>Asociaci\u00f3n Federalista de Galicia<\/strong>, el <strong>Ayuntamiento de Lugo<\/strong>, la <strong>Fundaci\u00f3n Gallega contra el Narcotr\u00e1fico<\/strong>, la <strong>Asociaci\u00f3n de Periodistas de Santiago<\/strong> o <strong>Alumni USC<\/strong>.   <\/p>\t\t\t\t\t\t\t\t<\/div>\n\t\t\t\t<div class=\"elementor-element elementor-element-844cb77 elementor-widget elementor-widget-qbutton\" data-id=\"844cb77\" data-element_type=\"widget\" data-widget_type=\"qbutton.default\">\n\t\t\t\t<div class=\"elementor-widget-container\">\n\t\t\t\t\t<a href=\"https:\/\/www.linkedin.com\/in\/david-manuel-sobrino-platas-1333071a3\/\" target=\"_blank\" data-hover-background-color='#1E1E1E'  class=\"qbutton  underlined qbutton_with_icon\" style=\"color: #1E1E1E; \">Linkedin<span aria-hidden=\"true\" class=\"qode_icon_font_elegant social_linkedin button_icon\" style=\"\" ><\/span><span class=\"qode-underlined-button-span\" style=\"\"><\/span><\/a>\t\t\t\t<\/div>\n\t\t\t\t<\/div>\n\t\t\t\t\t<\/div>\n\t\t<\/div>\n\t\t\t\t\t<\/div>\n\t\t<\/section>\n\t\t\t\t<section class=\"elementor-section elementor-inner-section elementor-element elementor-element-61e6238 elementor-section-full_width elementor-section-height-default elementor-section-height-default parallax_section_no qode_elementor_container_no qode-content-aligment-left\" data-id=\"61e6238\" data-element_type=\"section\">\n\t\t\t\t\t\t<div class=\"elementor-container elementor-column-gap-default\">\n\t\t\t\t\t<div class=\"elementor-column elementor-col-50 elementor-inner-column elementor-element elementor-element-e5af74d\" data-id=\"e5af74d\" data-element_type=\"column\">\n\t\t\t<div class=\"elementor-widget-wrap elementor-element-populated\">\n\t\t\t\t\t\t<div class=\"elementor-element elementor-element-b2f5706 elementor-widget elementor-widget-image\" data-id=\"b2f5706\" data-element_type=\"widget\" data-widget_type=\"image.default\">\n\t\t\t\t\t\t\t\t\t\t\t\t\t\t\t<img loading=\"lazy\" decoding=\"async\" width=\"800\" height=\"800\" src=\"https:\/\/fortalezasdafronteira.com\/wp-content\/uploads\/2025\/08\/6.jpg\" class=\"attachment-full size-full wp-image-1273\" alt=\"M\u00edriam Ferraces\" srcset=\"https:\/\/fortalezasdafronteira.com\/wp-content\/uploads\/2025\/08\/6.jpg 800w, https:\/\/fortalezasdafronteira.com\/wp-content\/uploads\/2025\/08\/6-300x300.jpg 300w, https:\/\/fortalezasdafronteira.com\/wp-content\/uploads\/2025\/08\/6-150x150.jpg 150w, https:\/\/fortalezasdafronteira.com\/wp-content\/uploads\/2025\/08\/6-768x768.jpg 768w, https:\/\/fortalezasdafronteira.com\/wp-content\/uploads\/2025\/08\/6-550x550.jpg 550w, https:\/\/fortalezasdafronteira.com\/wp-content\/uploads\/2025\/08\/6-500x500.jpg 500w, https:\/\/fortalezasdafronteira.com\/wp-content\/uploads\/2025\/08\/6-700x700.jpg 700w, https:\/\/fortalezasdafronteira.com\/wp-content\/uploads\/2025\/08\/6-650x650.jpg 650w\" sizes=\"(max-width: 800px) 100vw, 800px\" \/>\t\t\t\t\t\t\t\t\t\t\t\t\t\t\t<\/div>\n\t\t\t\t\t<\/div>\n\t\t<\/div>\n\t\t\t\t<div class=\"elementor-column elementor-col-50 elementor-inner-column elementor-element elementor-element-e052676\" data-id=\"e052676\" data-element_type=\"column\">\n\t\t\t<div class=\"elementor-widget-wrap elementor-element-populated\">\n\t\t\t\t\t\t<div class=\"elementor-element elementor-element-b3cf85c elementor-widget elementor-widget-text-editor\" data-id=\"b3cf85c\" data-element_type=\"widget\" data-widget_type=\"text-editor.default\">\n\t\t\t\t\t\t\t\t\t<h6>COMUNICADORA<\/h6>\t\t\t\t\t\t\t\t<\/div>\n\t\t\t\t<div class=\"elementor-element elementor-element-8b281bb elementor-widget elementor-widget-spacer\" data-id=\"8b281bb\" data-element_type=\"widget\" data-widget_type=\"spacer.default\">\n\t\t\t\t\t\t\t<div class=\"elementor-spacer\">\n\t\t\t<div class=\"elementor-spacer-inner\"><\/div>\n\t\t<\/div>\n\t\t\t\t\t\t<\/div>\n\t\t\t\t<div class=\"elementor-element elementor-element-6e56a2a elementor-widget elementor-widget-text-editor\" data-id=\"6e56a2a\" data-element_type=\"widget\" data-widget_type=\"text-editor.default\">\n\t\t\t\t\t\t\t\t\t<h5>MIRIAM FERRACES FERN\u00c1NDEZ<\/h5>\t\t\t\t\t\t\t\t<\/div>\n\t\t\t\t<div class=\"elementor-element elementor-element-34d141a elementor-widget elementor-widget-spacer\" data-id=\"34d141a\" data-element_type=\"widget\" data-widget_type=\"spacer.default\">\n\t\t\t\t\t\t\t<div class=\"elementor-spacer\">\n\t\t\t<div class=\"elementor-spacer-inner\"><\/div>\n\t\t<\/div>\n\t\t\t\t\t\t<\/div>\n\t\t\t\t<div class=\"elementor-element elementor-element-373b1cd elementor-widget elementor-widget-text-editor\" data-id=\"373b1cd\" data-element_type=\"widget\" data-widget_type=\"text-editor.default\">\n\t\t\t\t\t\t\t\t\t<p>Comunicadora gallega con experiencia en <strong>gesti\u00f3n de redes sociales, redacci\u00f3n, edici\u00f3n de v\u00eddeo y creaci\u00f3n de contenidos digitales<\/strong>. A lo largo de su trayectoria ha trabajado en medios de comunicaci\u00f3n, empresas y proyectos culturales, desarrollando tareas de copywriting, cobertura de eventos, producci\u00f3n audiovisual, elaboraci\u00f3n de materiales digitales y coordinaci\u00f3n de equipos de comunicaci\u00f3n. Profesionalmente ha trabajado en <strong>SP Media Comunicaci\u00f3n<\/strong> y, actualmente, en <strong>Xornal de Compostela<\/strong>. Tambi\u00e9n forma parte del equipo de comunicaci\u00f3n del <strong>festival Vi\u00f1etas desde o Atl\u00e1ntico<\/strong>. Su trabajo est\u00e1 vinculado a la comunicaci\u00f3n cultural y digital, con especial atenci\u00f3n a la producci\u00f3n creativa de contenidos para redes y a la b\u00fasqueda de nuevas formas de contar historias.    <\/p>\t\t\t\t\t\t\t\t<\/div>\n\t\t\t\t<div class=\"elementor-element elementor-element-d6e087a elementor-widget elementor-widget-qbutton\" data-id=\"d6e087a\" data-element_type=\"widget\" data-widget_type=\"qbutton.default\">\n\t\t\t\t<div class=\"elementor-widget-container\">\n\t\t\t\t\t<a href=\"https:\/\/www.linkedin.com\/in\/miriamferracesmedia\/\" target=\"_blank\" data-hover-background-color='#1E1E1E'  class=\"qbutton  underlined qbutton_with_icon\" style=\"color: #1E1E1E; \">Linkedin<span aria-hidden=\"true\" class=\"qode_icon_font_elegant social_linkedin button_icon\" style=\"\" ><\/span><span class=\"qode-underlined-button-span\" style=\"\"><\/span><\/a>\t\t\t\t<\/div>\n\t\t\t\t<\/div>\n\t\t\t\t\t<\/div>\n\t\t<\/div>\n\t\t\t\t\t<\/div>\n\t\t<\/section>\n\t\t\t\t<section class=\"elementor-section elementor-inner-section elementor-element elementor-element-613dbd0 elementor-section-full_width elementor-section-height-default elementor-section-height-default parallax_section_no qode_elementor_container_no qode-content-aligment-left\" data-id=\"613dbd0\" data-element_type=\"section\">\n\t\t\t\t\t\t<div class=\"elementor-container elementor-column-gap-default\">\n\t\t\t\t\t<div class=\"elementor-column elementor-col-50 elementor-inner-column elementor-element elementor-element-f5408b7\" data-id=\"f5408b7\" data-element_type=\"column\">\n\t\t\t<div class=\"elementor-widget-wrap elementor-element-populated\">\n\t\t\t\t\t\t<div class=\"elementor-element elementor-element-a90b987 elementor-widget elementor-widget-image\" data-id=\"a90b987\" data-element_type=\"widget\" data-widget_type=\"image.default\">\n\t\t\t\t\t\t\t\t\t\t\t\t\t\t\t<img loading=\"lazy\" decoding=\"async\" width=\"800\" height=\"800\" src=\"https:\/\/fortalezasdafronteira.com\/wp-content\/uploads\/2025\/08\/pedro.jpg\" class=\"attachment-full size-full wp-image-1274\" alt=\"\" srcset=\"https:\/\/fortalezasdafronteira.com\/wp-content\/uploads\/2025\/08\/pedro.jpg 800w, https:\/\/fortalezasdafronteira.com\/wp-content\/uploads\/2025\/08\/pedro-300x300.jpg 300w, https:\/\/fortalezasdafronteira.com\/wp-content\/uploads\/2025\/08\/pedro-150x150.jpg 150w, https:\/\/fortalezasdafronteira.com\/wp-content\/uploads\/2025\/08\/pedro-768x768.jpg 768w, https:\/\/fortalezasdafronteira.com\/wp-content\/uploads\/2025\/08\/pedro-550x550.jpg 550w, https:\/\/fortalezasdafronteira.com\/wp-content\/uploads\/2025\/08\/pedro-500x500.jpg 500w, https:\/\/fortalezasdafronteira.com\/wp-content\/uploads\/2025\/08\/pedro-700x700.jpg 700w, https:\/\/fortalezasdafronteira.com\/wp-content\/uploads\/2025\/08\/pedro-650x650.jpg 650w\" sizes=\"(max-width: 800px) 100vw, 800px\" \/>\t\t\t\t\t\t\t\t\t\t\t\t\t\t\t<\/div>\n\t\t\t\t\t<\/div>\n\t\t<\/div>\n\t\t\t\t<div class=\"elementor-column elementor-col-50 elementor-inner-column elementor-element elementor-element-bc5b09c\" data-id=\"bc5b09c\" data-element_type=\"column\">\n\t\t\t<div class=\"elementor-widget-wrap elementor-element-populated\">\n\t\t\t\t\t\t<div class=\"elementor-element elementor-element-c623a5a elementor-widget elementor-widget-text-editor\" data-id=\"c623a5a\" data-element_type=\"widget\" data-widget_type=\"text-editor.default\">\n\t\t\t\t\t\t\t\t\t<h6>PUBLICISTA<\/h6>\t\t\t\t\t\t\t\t<\/div>\n\t\t\t\t<div class=\"elementor-element elementor-element-dd25b54 elementor-widget elementor-widget-spacer\" data-id=\"dd25b54\" data-element_type=\"widget\" data-widget_type=\"spacer.default\">\n\t\t\t\t\t\t\t<div class=\"elementor-spacer\">\n\t\t\t<div class=\"elementor-spacer-inner\"><\/div>\n\t\t<\/div>\n\t\t\t\t\t\t<\/div>\n\t\t\t\t<div class=\"elementor-element elementor-element-3df8e64 elementor-widget elementor-widget-text-editor\" data-id=\"3df8e64\" data-element_type=\"widget\" data-widget_type=\"text-editor.default\">\n\t\t\t\t\t\t\t\t\t<h5>Pedro Telmo Rodr\u00edguez Castro<\/h5>\t\t\t\t\t\t\t\t<\/div>\n\t\t\t\t<div class=\"elementor-element elementor-element-fa7d383 elementor-widget elementor-widget-spacer\" data-id=\"fa7d383\" data-element_type=\"widget\" data-widget_type=\"spacer.default\">\n\t\t\t\t\t\t\t<div class=\"elementor-spacer\">\n\t\t\t<div class=\"elementor-spacer-inner\"><\/div>\n\t\t<\/div>\n\t\t\t\t\t\t<\/div>\n\t\t\t\t<div class=\"elementor-element elementor-element-3a211bf elementor-widget elementor-widget-text-editor\" data-id=\"3a211bf\" data-element_type=\"widget\" data-widget_type=\"text-editor.default\">\n\t\t\t\t\t\t\t\t\t<p>Profesional da comunicaci\u00f3n con ampla experiencia en publicidade, dese\u00f1o e produci\u00f3n audiovisual. Traballou en distintas axencias de publicidade galegas e liderou proxectos de innovaci\u00f3n dixital na m\u00fasica tradicional galega. En 2021 funda a axencia K12 Comunicaci\u00f3n ampliando os proxectos de consultor\u00eda web e publicidade. Na s\u00faa experiencia incl\u00faense traballos para a CEG, Valedor do Pobo, Textilona, GADIS, Concello de Vigo, Xunta de Galicia, Universidade de Santiago de Compostela. Tam\u00e9n ten traballos no apartado audivisual e no \u00e1mbito cultural e patrimonio inmaterial. En 2003 nos albores de internet fundou o portal ValMinor.Info, o primeiro xornal dixital centrado en informaci\u00f3n local da comarca do Val Mi\u00f1or, traballo polo que obteu o premio Nano Cambeiro de Xornalismo.     <\/p>\t\t\t\t\t\t\t\t<\/div>\n\t\t\t\t<div class=\"elementor-element elementor-element-c88f661 elementor-widget elementor-widget-spacer\" data-id=\"c88f661\" data-element_type=\"widget\" data-widget_type=\"spacer.default\">\n\t\t\t\t\t\t\t<div class=\"elementor-spacer\">\n\t\t\t<div class=\"elementor-spacer-inner\"><\/div>\n\t\t<\/div>\n\t\t\t\t\t\t<\/div>\n\t\t\t\t<div class=\"elementor-element elementor-element-edd9c83 elementor-widget elementor-widget-qbutton\" data-id=\"edd9c83\" data-element_type=\"widget\" data-widget_type=\"qbutton.default\">\n\t\t\t\t<div class=\"elementor-widget-container\">\n\t\t\t\t\t<a href=\"https:\/\/www.linkedin.com\/in\/pedro-telmo-rodriguez-castro-8021b912\/\" target=\"_self\" data-hover-background-color='#1E1E1E'  class=\"qbutton  underlined qbutton_with_icon\" style=\"color: #1E1E1E; \">Linkedin<span aria-hidden=\"true\" class=\"qode_icon_font_elegant social_linkedin button_icon\" style=\"\" ><\/span><span class=\"qode-underlined-button-span\" style=\"\"><\/span><\/a>\t\t\t\t<\/div>\n\t\t\t\t<\/div>\n\t\t\t\t\t<\/div>\n\t\t<\/div>\n\t\t\t\t\t<\/div>\n\t\t<\/section>\n\t\t\t\t\t<\/div>\n\t\t<\/div>\n\t\t\t\t\t<\/div>\n\t\t<\/section>\n\t\t\t\t<\/div>\n\t\t","protected":false},"excerpt":{"rendered":"<p>PROYECTO AS TORRES &#8211; TOMI\u00d1O EQUIPO En este proyecto participa un grupo multidisciplinar de arque\u00f3logos y comunicadores. Los trabajos arqueol\u00f3gicos ser\u00e1n desarrollados por un equipo de la Universidade do Minho, compuesto por miembros del Laborat\u00f3rio de Paisagem, Patrim\u00f3nio e Territ\u00f3rio (Lab2PT) y de la Unidade de Arqueologia (UAUM). DOCTORA EN ARQUEOLOG\u00cdA Rebeca Blanco-Rotea Doctora en arqueolog\u00eda por la Universidad del Pa\u00eds Vasco, con la tesis \u00abArquitectura y paisajes fortificados entre Galicia y Portugal durante la Guerra de Restauraci\u00f3n (1640-1668)\u00bb e investigadora en el Lab2PT da Universidade de Minho (Portugal) , y en el Laborat\u00f3rio de Paisagens, Patrim\u00f3nio e Territ\u00f3rio\/Lab2PT y el Laborat\u00f3rio Associado para a Investiga\u00e7\u00e3o e Inova\u00e7\u00e3o em Patrim\u00f3nio, Artes, Sustentabilidade e Territ\u00f3rio\/IN2PAST, donde coordina la Linha TL2 \u2013 Landscapes, Territories and Cultural Heritage. Anteriormente, trabaj\u00f3&#8230;<\/p>\n","protected":false},"author":1,"featured_media":0,"parent":0,"menu_order":0,"comment_status":"closed","ping_status":"closed","template":"full_width.php","meta":{"footnotes":""},"class_list":["post-1310","page","type-page","status-publish","hentry"],"_links":{"self":[{"href":"https:\/\/fortalezasdafronteira.com\/es\/wp-json\/wp\/v2\/pages\/1310","targetHints":{"allow":["GET"]}}],"collection":[{"href":"https:\/\/fortalezasdafronteira.com\/es\/wp-json\/wp\/v2\/pages"}],"about":[{"href":"https:\/\/fortalezasdafronteira.com\/es\/wp-json\/wp\/v2\/types\/page"}],"author":[{"embeddable":true,"href":"https:\/\/fortalezasdafronteira.com\/es\/wp-json\/wp\/v2\/users\/1"}],"replies":[{"embeddable":true,"href":"https:\/\/fortalezasdafronteira.com\/es\/wp-json\/wp\/v2\/comments?post=1310"}],"version-history":[{"count":0,"href":"https:\/\/fortalezasdafronteira.com\/es\/wp-json\/wp\/v2\/pages\/1310\/revisions"}],"wp:attachment":[{"href":"https:\/\/fortalezasdafronteira.com\/es\/wp-json\/wp\/v2\/media?parent=1310"}],"curies":[{"name":"wp","href":"https:\/\/api.w.org\/{rel}","templated":true}]}}